{"id":4746,"date":"2019-01-21T12:21:10","date_gmt":"2019-01-21T15:21:10","guid":{"rendered":"https:\/\/elife.com.br\/?page_id=4746"},"modified":"2019-01-24T14:58:35","modified_gmt":"2019-01-24T17:58:35","slug":"demo-home-rebranding","status":"publish","type":"page","link":"https:\/\/elife.com.br\/index.php\/demo-home-rebranding\/","title":{"rendered":"Demo Home &#8211; Rebranding"},"content":{"rendered":"<div id=\"fb-root\"><\/div>\n<p>[vc_row fullscreen=&#8221;yes&#8221;][vc_column][rev_slider_vc alias=&#8221;novobranding&#8221;][\/vc_column][\/vc_row][vc_row css=&#8221;.vc_custom_1548085803928{margin-top: 0px !important;margin-bottom: 0px !important;border-top-width: 0px !important;border-bottom-width: 0px !important;padding-top: 0px !important;padding-bottom: 0px !important;}&#8221;][vc_column width=&#8221;1\/2&#8243;][vc_column_text]<\/p>\n<h1 style=\"color: #426ab3;\"><strong>_\u00daltimas Not\u00edcias<\/strong><\/h1>\n<p>[\/vc_column_text][\/vc_column][vc_column width=&#8221;1\/2&#8243;][\/vc_column][vc_column]<div class=\"blog\"><div class=\"col-sm-6 col-md-4\">\r\n\t\t\t\t\t\t\t\t<div class=\"thumbnail\">\r\n\t\t\t\t\t\t\t\t\t<div class=\"i-blog-inner\">\r\n\t\t\t\t\t\t\t\t\t\t<a href=\"https:\/\/elife.com.br\/index.php\/2026\/04\/07\/relatorio-de-transparencia-salarial-2026\/\"><img width=\"349\" height=\"247\" src=\"https:\/\/elife.com.br\/wp-content\/uploads\/2026\/04\/image.jpeg\" class=\"attachment-blog-thumb size-blog-thumb wp-post-image\" alt=\"\" loading=\"lazy\" \/>\r\n\t\t\t\t\t\t\t\t\t\t\t<div class=\"i-blog-caption\">                                            \r\n\t\t\t\t\t\t\t\t\t\t\t\t<div class=\"i-blog-holder\">   \r\n\t\t\t\t\t\t\t\t\t\t\t\t\t<div class=\"i-blog-details\">                                             \r\n\t\t\t\t\t\t\t\t\t\t\t\t\t\t<h3>View post<\/h3>            \r\n\t\t\t\t\t\t\t\t\t\t\t\t\t<\/div>                                                                        \r\n\t\t\t\t\t\t\t\t\t\t\t\t<\/div>\r\n\t\t\t\t\t\t\t\t\t\t\t<\/div>\r\n\t\t\t\t\t\t\t\t\t\t<\/a>                                \r\n\t\t\t\t\t\t\t\t\t<\/div>\r\n\t\t\t\t\t\t\t\t\t<div class=\"blog-title\">\r\n\t\t\t\t\t\t\t\t\t\t<a href=\"https:\/\/elife.com.br\/index.php\/2026\/04\/07\/relatorio-de-transparencia-salarial-2026\/\"><h3><strong>Relat\u00f3rio de Transpar\u00eancia Salarial 2026: Elife avan\u00e7a em diversidade e refor\u00e7a compromissos com equidade<\/strong><\/h3><\/a>\r\n\t\t\t\t\t\t\t\t\t<\/div>\t\r\n\t\t\t\t\t\t\t\t\t<div class=\"blog-date\">\r\n\t\t\t\t\t\t\t\t\t\t<p>7 de abril de 2026<span>|<a href=\"https:\/\/elife.com.br\/index.php\/2026\/04\/07\/relatorio-de-transparencia-salarial-2026\/\/#respond\">Leave a comment<\/a><\/span><\/p>\r\n\t\t\t\t\t\t\t\t\t<\/div>\r\n\t\t\t\t\t\t\t\t\t<p class=\"text-left\">A Elife segue evoluindo de forma consistente em suas pr\u00e1ticas de diversidade e inclus\u00e3o, conforme revelam os dados do Relat\u00f3rio de Transpar\u00eancia e Igualdade Salarial de Mulheres e Homens...<\/p>                                \r\n\t\t\t\t\t\t\t\t<\/div>\r\n\t\t\t\t\t\t\t<\/div><div class=\"col-sm-6 col-md-4\">\r\n\t\t\t\t\t\t\t\t<div class=\"thumbnail\">\r\n\t\t\t\t\t\t\t\t\t<div class=\"i-blog-inner\">\r\n\t\t\t\t\t\t\t\t\t\t<a href=\"https:\/\/elife.com.br\/index.php\/2025\/12\/23\/atendimento-em-redes-sociais-mastercard-premio\/\"><img width=\"370\" height=\"154\" src=\"https:\/\/elife.com.br\/wp-content\/uploads\/2025\/12\/Banner-opcao-02.png\" class=\"attachment-blog-thumb size-blog-thumb wp-post-image\" alt=\"\" loading=\"lazy\" \/>\r\n\t\t\t\t\t\t\t\t\t\t\t<div class=\"i-blog-caption\">                                            \r\n\t\t\t\t\t\t\t\t\t\t\t\t<div class=\"i-blog-holder\">   \r\n\t\t\t\t\t\t\t\t\t\t\t\t\t<div class=\"i-blog-details\">                                             \r\n\t\t\t\t\t\t\t\t\t\t\t\t\t\t<h3>View post<\/h3>            \r\n\t\t\t\t\t\t\t\t\t\t\t\t\t<\/div>                                                                        \r\n\t\t\t\t\t\t\t\t\t\t\t\t<\/div>\r\n\t\t\t\t\t\t\t\t\t\t\t<\/div>\r\n\t\t\t\t\t\t\t\t\t\t<\/a>                                \r\n\t\t\t\t\t\t\t\t\t<\/div>\r\n\t\t\t\t\t\t\t\t\t<div class=\"blog-title\">\r\n\t\t\t\t\t\t\t\t\t\t<a href=\"https:\/\/elife.com.br\/index.php\/2025\/12\/23\/atendimento-em-redes-sociais-mastercard-premio\/\"><h3>Atendimento em redes sociais: como a Mastercard se tornou refer\u00eancia nacional no pr\u00eamio \u201cEmpresas que Mais Respeitam o Consumidor\u201d<\/h3><\/a>\r\n\t\t\t\t\t\t\t\t\t<\/div>\t\r\n\t\t\t\t\t\t\t\t\t<div class=\"blog-date\">\r\n\t\t\t\t\t\t\t\t\t\t<p>23 de dezembro de 2025<span>|<a href=\"https:\/\/elife.com.br\/index.php\/2025\/12\/23\/atendimento-em-redes-sociais-mastercard-premio\/\/#respond\">Leave a comment<\/a><\/span><\/p>\r\n\t\t\t\t\t\t\t\t\t<\/div>\r\n\t\t\t\t\t\t\t\t\t<p class=\"text-left\">Como a parceria entre Mastercard e Elife impulsiona excel\u00eancia em atendimento e gera resultados reconhecidos pelo mercado.<\/p>                                \r\n\t\t\t\t\t\t\t\t<\/div>\r\n\t\t\t\t\t\t\t<\/div><div class=\"col-sm-6 col-md-4\">\r\n\t\t\t\t\t\t\t\t<div class=\"thumbnail\">\r\n\t\t\t\t\t\t\t\t\t<div class=\"i-blog-inner\">\r\n\t\t\t\t\t\t\t\t\t\t<a href=\"https:\/\/elife.com.br\/index.php\/2025\/11\/14\/como-automatizar-o-atendimento-por-voz-com-ia-call-center\/\"><img width=\"370\" height=\"208\" src=\"https:\/\/elife.com.br\/wp-content\/uploads\/2025\/11\/Copia-de-Linkedin-48.png\" class=\"attachment-blog-thumb size-blog-thumb wp-post-image\" alt=\"\" loading=\"lazy\" \/>\r\n\t\t\t\t\t\t\t\t\t\t\t<div class=\"i-blog-caption\">                                            \r\n\t\t\t\t\t\t\t\t\t\t\t\t<div class=\"i-blog-holder\">   \r\n\t\t\t\t\t\t\t\t\t\t\t\t\t<div class=\"i-blog-details\">                                             \r\n\t\t\t\t\t\t\t\t\t\t\t\t\t\t<h3>View post<\/h3>            \r\n\t\t\t\t\t\t\t\t\t\t\t\t\t<\/div>                                                                        \r\n\t\t\t\t\t\t\t\t\t\t\t\t<\/div>\r\n\t\t\t\t\t\t\t\t\t\t\t<\/div>\r\n\t\t\t\t\t\t\t\t\t\t<\/a>                                \r\n\t\t\t\t\t\t\t\t\t<\/div>\r\n\t\t\t\t\t\t\t\t\t<div class=\"blog-title\">\r\n\t\t\t\t\t\t\t\t\t\t<a href=\"https:\/\/elife.com.br\/index.php\/2025\/11\/14\/como-automatizar-o-atendimento-por-voz-com-ia-call-center\/\"><h3>Como automatizar o atendimento por voz com IA e reduzir os custos do call center<\/h3><\/a>\r\n\t\t\t\t\t\t\t\t\t<\/div>\t\r\n\t\t\t\t\t\t\t\t\t<div class=\"blog-date\">\r\n\t\t\t\t\t\t\t\t\t\t<p>14 de novembro de 2025<span>|<a href=\"https:\/\/elife.com.br\/index.php\/2025\/11\/14\/como-automatizar-o-atendimento-por-voz-com-ia-call-center\/\/#respond\">Leave a comment<\/a><\/span><\/p>\r\n\t\t\t\t\t\t\t\t\t<\/div>\r\n\t\t\t\t\t\t\t\t\t<p class=\"text-left\">O modelo tradicional de atendimento telef\u00f4nico j\u00e1 n\u00e3o acompanha a agilidade que o mercado exige. Filas longas, equipes sobrecarregadas e custos operacionais cada vez mais altos tornaram-se obst\u00e1culos para...<\/p>                                \r\n\t\t\t\t\t\t\t\t<\/div>\r\n\t\t\t\t\t\t\t<\/div><\/div>[vc_empty_space height=&#8221;10 px&#8221;][vc_empty_space][\/vc_column][\/vc_row][vc_row parallax=&#8221;yes&#8221; fullscreen=&#8221;yes&#8221; css=&#8221;.vc_custom_1548350837248{margin-top: 20px !important;background-color: #4a69bd !important;}&#8221;][vc_column][vc_row_inner content_placement=&#8221;middle&#8221;][vc_column_inner]<div id=\"filters-container\" class=\"cbp-l-filters-alignRight\"><div data-filter=\"*\" class=\"cbp-filter-item-active cbp-filter-item\">\r\n        <div class=\"cbp-filter-counter\"><\/div>\r\n        <\/div><div data-filter='.cases' class=\"cbp-filter-item\">Cases\r\n                <div class=\"cbp-filter-counter\"><\/div>\r\n                <\/div><\/div><!--End #filters-container--><div id=\"grid-container\" class=\"cbp-l-grid-masonry\"><ul><li class=\"cbp-item  cases cbp-l-grid-masonry-height1\">\r\n\r\n                    <a class=\"cbp-caption cbp-lightbox \" data-title=\"Y&#038;R<br \/>\" href=\"https:\/\/www.youtube.com\/watch?v=3dpXCYZbsEg\">\r\n                        <div class=\"cbp-caption-defaultWrap\">\r\n                            <img src=\"https:\/\/elife.com.br\/wp-content\/uploads\/2019\/01\/yr-thumbnail_project-270x260.png\" alt=\"Y&#038;R\">\r\n                        <\/div>\r\n                        <div class=\"cbp-caption-activeWrap\">\r\n                            <div class=\"cbp-l-caption-alignCenter\">\r\n                                <div class=\"cbp-l-caption-body\">\r\n                                    <div class=\"cbp-l-caption-title\">Y&#038;R<\/div>\r\n                                    <div class=\"cbp-l-caption-desc\"><\/div>\r\n                                <\/div>\r\n                            <\/div>\r\n                        <\/div>\r\n                    <\/a>\r\n\r\n                <\/li><li class=\"cbp-item  cases cbp-l-grid-masonry-height1\">\r\n\r\n                    <a class=\"cbp-caption cbp-lightbox \" data-title=\"Y\u00e4mmi<br \/>\" href=\"https:\/\/www.youtube.com\/watch?v=HdOEQwEaVHs\">\r\n                        <div class=\"cbp-caption-defaultWrap\">\r\n                            <img src=\"https:\/\/elife.com.br\/wp-content\/uploads\/2019\/01\/ymi-thumbnail-A3-270x260.png\" alt=\"Y\u00e4mmi\">\r\n                        <\/div>\r\n                        <div class=\"cbp-caption-activeWrap\">\r\n                            <div class=\"cbp-l-caption-alignCenter\">\r\n                                <div class=\"cbp-l-caption-body\">\r\n                                    <div class=\"cbp-l-caption-title\">Y\u00e4mmi<\/div>\r\n                                    <div class=\"cbp-l-caption-desc\"><\/div>\r\n                                <\/div>\r\n                            <\/div>\r\n                        <\/div>\r\n                    <\/a>\r\n\r\n                <\/li><li class=\"cbp-item  cases cbp-l-grid-masonry-height1\">\r\n\r\n                    <a class=\"cbp-caption cbp-lightbox \" data-title=\"Sanitana<br \/>\" href=\"https:\/\/www.youtube.com\/watch?v=jFkQo8tZYDM\">\r\n                        <div class=\"cbp-caption-defaultWrap\">\r\n                            <img src=\"https:\/\/elife.com.br\/wp-content\/uploads\/2019\/01\/sntn-thumbnail_project-270x260.png\" alt=\"Sanitana\">\r\n                        <\/div>\r\n                        <div class=\"cbp-caption-activeWrap\">\r\n                            <div class=\"cbp-l-caption-alignCenter\">\r\n                                <div class=\"cbp-l-caption-body\">\r\n                                    <div class=\"cbp-l-caption-title\">Sanitana<\/div>\r\n                                    <div class=\"cbp-l-caption-desc\"><\/div>\r\n                                <\/div>\r\n                            <\/div>\r\n                        <\/div>\r\n                    <\/a>\r\n\r\n                <\/li><li class=\"cbp-item  cases cbp-l-grid-masonry-height1\">\r\n\r\n                    <a class=\"cbp-caption cbp-lightbox \" data-title=\"LeasePlan<br \/>\" href=\"https:\/\/www.youtube.com\/watch?v=MZzCVWxzcsw\">\r\n                        <div class=\"cbp-caption-defaultWrap\">\r\n                            <img src=\"https:\/\/elife.com.br\/wp-content\/uploads\/2019\/01\/lspln-thumbnail_project-270x260.png\" alt=\"LeasePlan\">\r\n                        <\/div>\r\n                        <div class=\"cbp-caption-activeWrap\">\r\n                            <div class=\"cbp-l-caption-alignCenter\">\r\n                                <div class=\"cbp-l-caption-body\">\r\n                                    <div class=\"cbp-l-caption-title\">LeasePlan<\/div>\r\n                                    <div class=\"cbp-l-caption-desc\"><\/div>\r\n                                <\/div>\r\n                            <\/div>\r\n                        <\/div>\r\n                    <\/a>\r\n\r\n                <\/li><li class=\"cbp-item  cases cbp-l-grid-masonry-height1\">\r\n\r\n                    <a class=\"cbp-caption cbp-lightbox \" data-title=\"ERA<br \/>\" href=\"https:\/\/www.youtube.com\/watch?v=liaoEARZzTE\">\r\n                        <div class=\"cbp-caption-defaultWrap\">\r\n                            <img src=\"https:\/\/elife.com.br\/wp-content\/uploads\/2019\/01\/era-thumbnail_project-270x260.png\" alt=\"ERA\">\r\n                        <\/div>\r\n                        <div class=\"cbp-caption-activeWrap\">\r\n                            <div class=\"cbp-l-caption-alignCenter\">\r\n                                <div class=\"cbp-l-caption-body\">\r\n                                    <div class=\"cbp-l-caption-title\">ERA<\/div>\r\n                                    <div class=\"cbp-l-caption-desc\"><\/div>\r\n                                <\/div>\r\n                            <\/div>\r\n                        <\/div>\r\n                    <\/a>\r\n\r\n                <\/li><\/ul><\/div><!--End #grid-container-->[\/vc_column_inner][\/vc_row_inner][vc_empty_space][\/vc_column][\/vc_row][vc_row css=&#8221;.vc_custom_1548085803928{margin-top: 0px !important;margin-bottom: 0px !important;border-top-width: 0px !important;border-bottom-width: 0px !important;padding-top: 0px !important;padding-bottom: 0px !important;}&#8221;][vc_column width=&#8221;1\/2&#8243;][vc_empty_space][vc_column_text]<\/p>\n<h1 style=\"color: #426ab3;\"><strong>_Servi\u00e7os<\/strong><\/h1>\n<p>[\/vc_column_text][\/vc_column][vc_column width=&#8221;1\/2&#8243;][\/vc_column][vc_column][vc_row_inner][vc_column_inner width=&#8221;1\/3&#8243;][vc_column_text]<\/p>\n<h2 dir=\"ltr\" style=\"color: #426ab3;\"><strong>Compreenda a jornada do Consumidor<\/strong><\/h2>\n<p>&nbsp;<\/p>\n<p dir=\"ltr\">Diversas fontes de dados digitais combinadas para compreens\u00e3o da audi\u00eancia do consumidor, sua jornada e percep\u00e7\u00e3o de marca, estabelecendo regras e touchpoints de relacionamento.<\/p>\n<p>&nbsp;<\/p>\n<ul>\n<li dir=\"ltr\">\n<p dir=\"ltr\">Monitoramento de redes sociais<\/p>\n<\/li>\n<li dir=\"ltr\">\n<p dir=\"ltr\">Gest\u00e3o de crises<\/p>\n<\/li>\n<li dir=\"ltr\">\n<p dir=\"ltr\">Identifica\u00e7\u00e3o e gest\u00e3o de influenciadores<\/p>\n<\/li>\n<li dir=\"ltr\">\n<p dir=\"ltr\">Tend\u00eancias e jornada do consumidor<\/p>\n<\/li>\n<li dir=\"ltr\">\n<p dir=\"ltr\">Monitoramento do mercado (Social Media Monitor)<\/p>\n<\/li>\n<li dir=\"ltr\">\n<p dir=\"ltr\">Pesquisa on-line<\/p>\n<\/li>\n<li dir=\"ltr\">\n<p dir=\"ltr\">Monitoramento centrado no consumidor<\/p>\n<\/li>\n<\/ul>\n<p>[\/vc_column_text][vc_btn title=&#8221;Saiba mais!&#8221; style=&#8221;flat&#8221; shape=&#8221;round&#8221; color=&#8221;warning&#8221; link=&#8221;url:https%3A%2F%2Felife.com.br%2Findex.php%2Fservicos%2Fsocial-intelligence%2F|||&#8221;][\/vc_column_inner][vc_column_inner width=&#8221;1\/3&#8243;][vc_column_text]<\/p>\n<h2 dir=\"ltr\" style=\"color: #426ab3;\"><strong>Crie relacionamentos de longo prazo<\/strong><\/h2>\n<p>&nbsp;<\/p>\n<p dir=\"ltr\">Gest\u00e3o do relacionamento atrav\u00e9s de meios digitais: e-mail, chat e redes sociais de forma integrada. Atendimentos realizados por especialistas no neg\u00f3cio do cliente, sem a mecaniza\u00e7\u00e3o dos scripts, s\u00e3o a chave para um Customer Experience de sucesso.<\/p>\n<p>&nbsp;<\/p>\n<ul>\n<li dir=\"ltr\">\n<p dir=\"ltr\">Opera\u00e7\u00e3o de Atendimento e Relacionamento Digital<\/p>\n<\/li>\n<li dir=\"ltr\">\n<p dir=\"ltr\">Cobertura de Campanhas e a\u00e7\u00f5es promocionais<\/p>\n<\/li>\n<li dir=\"ltr\">\n<p dir=\"ltr\">Consultoria para gest\u00e3o de Social CRM<\/p>\n<\/li>\n<li dir=\"ltr\">\n<p dir=\"ltr\">Gest\u00e3o de Bots e Chats On-line.<\/p>\n<\/li>\n<li dir=\"ltr\">\n<p dir=\"ltr\">Atendimento Multicanal<\/p>\n<\/li>\n<li dir=\"ltr\">\n<p dir=\"ltr\">Servi\u00e7os de Concierge digital<\/p>\n<\/li>\n<\/ul>\n<p>[\/vc_column_text][vc_btn title=&#8221;Saiba mais!&#8221; style=&#8221;flat&#8221; shape=&#8221;round&#8221; color=&#8221;warning&#8221; link=&#8221;url:https%3A%2F%2Felife.com.br%2Findex.php%2Fservicos%2Fsocial-crm%2F|||&#8221;][\/vc_column_inner][vc_column_inner width=&#8221;1\/3&#8243;][vc_column_text]<\/p>\n<h2 dir=\"ltr\" style=\"color: #426ab3;\"><strong>Automatize processos com Buzzmonitor<\/strong><\/h2>\n<p>&nbsp;<\/p>\n<p dir=\"ltr\">Uma su\u00edte de solu\u00e7\u00f5es de software com o melhor da consultoria, diagn\u00f3stico e tecnologia Elife para gest\u00e3o interna de estrat\u00e9gias vencedoras em social media.<\/p>\n<p>&nbsp;<\/p>\n<ul>\n<li dir=\"ltr\">\n<p dir=\"ltr\">Social Listening<\/p>\n<\/li>\n<li dir=\"ltr\">\n<p dir=\"ltr\">Social CRM<\/p>\n<\/li>\n<li dir=\"ltr\">\n<p dir=\"ltr\">Social Analytics<\/p>\n<\/li>\n<li dir=\"ltr\">\n<p dir=\"ltr\">Social Ads<\/p>\n<\/li>\n<li dir=\"ltr\">\n<p dir=\"ltr\">Social News<\/p>\n<\/li>\n<li dir=\"ltr\">\n<p dir=\"ltr\">Gest\u00e3o e Monitoramento de Influenciadores<\/p>\n<\/li>\n<\/ul>\n<p>[\/vc_column_text][vc_btn title=&#8221;Saiba mais!&#8221; style=&#8221;flat&#8221; shape=&#8221;round&#8221; color=&#8221;warning&#8221; link=&#8221;url:https%3A%2F%2Felife.com.br%2Findex.php%2Fservicos%2Fbuzzmonitor%2F|||&#8221;][\/vc_column_inner][\/vc_row_inner][vc_row_inner][vc_column_inner width=&#8221;1\/2&#8243;][vc_column_text]<\/p>\n<h2 style=\"color: #5373a0;\"><strong>O que nos move?<\/strong><\/h2>\n<p>&nbsp;<\/p>\n<p><span style=\"font-weight: 400;\">Elife \u00e9 uma consultoria global surgida em 2004, especializada em intelig\u00eancia e gest\u00e3o da experi\u00eancia do consumidor em canais digitais. Estamos presentes no Brasil, Argentina, M\u00e9xico, Espanha e Portugal com servi\u00e7os e tamb\u00e9m com nossa plataforma <\/span><a href=\"https:\/\/www.buzzmonitor.com.br\/\"><span style=\"font-weight: 400;\">Buzzmonitor<\/span><\/a><span style=\"font-weight: 400;\">.<\/span><\/p>\n<ul>\n<li style=\"font-weight: 400;\"><span style=\"font-weight: 400;\">Apaixonados pela an\u00e1lise do <\/span><b>jornada do consumidor<\/b><span style=\"font-weight: 400;\"> a partir de dados digitais.<\/span><\/li>\n<li style=\"font-weight: 400;\"><span style=\"font-weight: 400;\">Engajados em aproximar clientes e marcas atrav\u00e9s de<\/span><b> relacionamentos multicanal que estimulem sorrisos.<\/b><\/li>\n<li style=\"font-weight: 400;\"><span style=\"font-weight: 400;\">Inspirados por estrat\u00e9gias inovadoras para <\/span><b>cria\u00e7\u00e3o de pontos de contato com os consumidores.<\/b><\/li>\n<\/ul>\n<p>[\/vc_column_text][\/vc_column_inner][vc_column_inner width=&#8221;1\/2&#8243;][vc_single_image image=&#8221;4932&#8243; img_size=&#8221;full&#8221; alignment=&#8221;right&#8221;][\/vc_column_inner][\/vc_row_inner][\/vc_column][\/vc_row][vc_row parallax=&#8221;yes&#8221; content_width=&#8221;fullwidth&#8221; css=&#8221;.vc_custom_1548350744555{padding-top: 5px !important;padding-bottom: 5px !important;background-color: #202e44 !important;}&#8221;][vc_column][vc_column_text]<\/p>\n<h1 style=\"color: #ffffff; text-align: center;\"><strong>_Clientes<\/strong><\/h1>\n<p>[\/vc_column_text]\r\n    <div class=\"row\">\r\n\r\n        <div id=\"owl-demo\">\r\n\r\n\t\t\t<a target=\"_self\" class=\"item\"><img src=\"https:\/\/elife.com.br\/wp-content\/uploads\/2019\/01\/clientes-20-1.png\" alt><\/a><a target=\"_self\" class=\"item\"><img src=\"https:\/\/elife.com.br\/wp-content\/uploads\/2019\/01\/clientes-21.png\" alt><\/a><a target=\"_self\" class=\"item\"><img src=\"https:\/\/elife.com.br\/wp-content\/uploads\/2019\/01\/clientes-22-1.png\" alt><\/a><a target=\"_self\" class=\"item\"><img src=\"https:\/\/elife.com.br\/wp-content\/uploads\/2019\/01\/clientes-30-1.png\" alt><\/a><a target=\"_self\" class=\"item\"><img src=\"https:\/\/elife.com.br\/wp-content\/uploads\/2019\/01\/clientes-36-1.png\" alt><\/a><a target=\"_self\" class=\"item\"><img src=\"https:\/\/elife.com.br\/wp-content\/uploads\/2019\/01\/clientes-34-1.png\" alt><\/a><a target=\"_self\" class=\"item\"><img src=\"https:\/\/elife.com.br\/wp-content\/uploads\/2019\/01\/clientes-48.png\" alt><\/a><a target=\"_self\" class=\"item\"><img src=\"https:\/\/elife.com.br\/wp-content\/uploads\/2019\/01\/clientes-49.png\" alt><\/a><a target=\"_self\" class=\"item\"><img src=\"https:\/\/elife.com.br\/wp-content\/uploads\/2019\/01\/clientes-50.png\" alt><\/a><a target=\"_self\" class=\"item\"><img src=\"https:\/\/elife.com.br\/wp-content\/uploads\/2019\/01\/clientes-51.png\" alt><\/a><a target=\"_self\" class=\"item\"><img src=\"https:\/\/elife.com.br\/wp-content\/uploads\/2019\/01\/clientes-52.png\" alt><\/a><a target=\"_self\" class=\"item\"><img src=\"https:\/\/elife.com.br\/wp-content\/uploads\/2019\/01\/clientes-53.png\" alt><\/a><a target=\"_self\" class=\"item\"><img src=\"https:\/\/elife.com.br\/wp-content\/uploads\/2019\/01\/clientes-54.png\" alt><\/a><a target=\"_self\" class=\"item\"><img src=\"https:\/\/elife.com.br\/wp-content\/uploads\/2019\/01\/clientes-55.png\" alt><\/a><a target=\"_self\" class=\"item\"><img src=\"https:\/\/elife.com.br\/wp-content\/uploads\/2019\/01\/clientes-56.png\" alt><\/a><a target=\"_self\" class=\"item\"><img src=\"https:\/\/elife.com.br\/wp-content\/uploads\/2019\/01\/clientes-57.png\" alt><\/a><a target=\"_self\" class=\"item\"><img src=\"https:\/\/elife.com.br\/wp-content\/uploads\/2019\/01\/clientes-58.png\" alt><\/a><a target=\"_self\" class=\"item\"><img src=\"https:\/\/elife.com.br\/wp-content\/uploads\/2019\/01\/clientes-59.png\" alt><\/a><\/div><\/div><!-- \/row -->[\/vc_column][\/vc_row][vc_row][vc_column][vc_tta_tabs color=&#8221;blue&#8221; active_section=&#8221;1&#8243;][vc_tta_section title=&#8221;Not\u00edcias&#8221; tab_id=&#8221;1548092033675-c9805585-b644&#8243;]<div class=\"blog\"><div class=\"col-sm-6 col-md-4\">\r\n\t\t\t\t\t\t\t\t<div class=\"thumbnail\">\r\n\t\t\t\t\t\t\t\t\t<div class=\"i-blog-inner\">\r\n\t\t\t\t\t\t\t\t\t\t<a href=\"https:\/\/elife.com.br\/index.php\/2022\/12\/08\/como-e-trabalhar-na-elife-veja-depoimentos-de-quem-faz-acontecer\/\"><img width=\"370\" height=\"208\" src=\"https:\/\/elife.com.br\/wp-content\/uploads\/2022\/12\/Dia-da-Consciencia-Negra-1080-\u00d7-1920-px-1920-\u00d7-1080-px-2.png\" class=\"attachment-blog-thumb size-blog-thumb wp-post-image\" alt=\"\" loading=\"lazy\" \/>\r\n\t\t\t\t\t\t\t\t\t\t\t<div class=\"i-blog-caption\">                                            \r\n\t\t\t\t\t\t\t\t\t\t\t\t<div class=\"i-blog-holder\">   \r\n\t\t\t\t\t\t\t\t\t\t\t\t\t<div class=\"i-blog-details\">                                             \r\n\t\t\t\t\t\t\t\t\t\t\t\t\t\t<h3>View post<\/h3>            \r\n\t\t\t\t\t\t\t\t\t\t\t\t\t<\/div>                                                                        \r\n\t\t\t\t\t\t\t\t\t\t\t\t<\/div>\r\n\t\t\t\t\t\t\t\t\t\t\t<\/div>\r\n\t\t\t\t\t\t\t\t\t\t<\/a>                                \r\n\t\t\t\t\t\t\t\t\t<\/div>\r\n\t\t\t\t\t\t\t\t\t<div class=\"blog-title\">\r\n\t\t\t\t\t\t\t\t\t\t<a href=\"https:\/\/elife.com.br\/index.php\/2022\/12\/08\/como-e-trabalhar-na-elife-veja-depoimentos-de-quem-faz-acontecer\/\"><h3>Como \u00e9 trabalhar na Elife? Veja depoimentos de quem faz acontecer<\/h3><\/a>\r\n\t\t\t\t\t\t\t\t\t<\/div>\t\r\n\t\t\t\t\t\t\t\t\t<div class=\"blog-date\">\r\n\t\t\t\t\t\t\t\t\t\t<p>8 de dezembro de 2022<span>|<a href=\"https:\/\/elife.com.br\/index.php\/2022\/12\/08\/como-e-trabalhar-na-elife-veja-depoimentos-de-quem-faz-acontecer\/\/#respond\">Leave a comment<\/a><\/span><\/p>\r\n\t\t\t\t\t\t\t\t\t<\/div>\r\n\t\t\t\t\t\t\t\t\t<p class=\"text-left\">A Elife \u00e9 uma empresa global realmente comprometida com o bem-estar dos colaboradores e colaboradoras da empresa. Acreditamos que um bom funcion\u00e1rio s\u00f3 \u00e9 poss\u00edvel gra\u00e7as ao bom funcionamento...<\/p>                                \r\n\t\t\t\t\t\t\t\t<\/div>\r\n\t\t\t\t\t\t\t<\/div><div class=\"col-sm-6 col-md-4\">\r\n\t\t\t\t\t\t\t\t<div class=\"thumbnail\">\r\n\t\t\t\t\t\t\t\t\t<div class=\"i-blog-inner\">\r\n\t\t\t\t\t\t\t\t\t\t<a href=\"https:\/\/elife.com.br\/index.php\/2022\/11\/18\/dia-da-consciencia-negra-a-sua-marca-engaja-de-forma-consciente\/\"><img width=\"370\" height=\"208\" src=\"https:\/\/elife.com.br\/wp-content\/uploads\/2022\/11\/Dia-da-Consciencia-Negra-1080-\u00d7-1920-px-1920-\u00d7-1080-px.png\" class=\"attachment-blog-thumb size-blog-thumb wp-post-image\" alt=\"\" loading=\"lazy\" \/>\r\n\t\t\t\t\t\t\t\t\t\t\t<div class=\"i-blog-caption\">                                            \r\n\t\t\t\t\t\t\t\t\t\t\t\t<div class=\"i-blog-holder\">   \r\n\t\t\t\t\t\t\t\t\t\t\t\t\t<div class=\"i-blog-details\">                                             \r\n\t\t\t\t\t\t\t\t\t\t\t\t\t\t<h3>View post<\/h3>            \r\n\t\t\t\t\t\t\t\t\t\t\t\t\t<\/div>                                                                        \r\n\t\t\t\t\t\t\t\t\t\t\t\t<\/div>\r\n\t\t\t\t\t\t\t\t\t\t\t<\/div>\r\n\t\t\t\t\t\t\t\t\t\t<\/a>                                \r\n\t\t\t\t\t\t\t\t\t<\/div>\r\n\t\t\t\t\t\t\t\t\t<div class=\"blog-title\">\r\n\t\t\t\t\t\t\t\t\t\t<a href=\"https:\/\/elife.com.br\/index.php\/2022\/11\/18\/dia-da-consciencia-negra-a-sua-marca-engaja-de-forma-consciente\/\"><h3>Dia da Consci\u00eancia Negra: a sua marca engaja de forma consciente?<\/h3><\/a>\r\n\t\t\t\t\t\t\t\t\t<\/div>\t\r\n\t\t\t\t\t\t\t\t\t<div class=\"blog-date\">\r\n\t\t\t\t\t\t\t\t\t\t<p>18 de novembro de 2022<span>|<a href=\"https:\/\/elife.com.br\/index.php\/2022\/11\/18\/dia-da-consciencia-negra-a-sua-marca-engaja-de-forma-consciente\/\/#respond\">Leave a comment<\/a><\/span><\/p>\r\n\t\t\t\t\t\t\t\t\t<\/div>\r\n\t\t\t\t\t\t\t\t\t<p class=\"text-left\">O dia 20 de novembro marca o Dia Nacional da Consci\u00eancia Negra no Brasil. \u00c9 nesta \u00e9poca que vemos um boom de publicidades digitais acerca do tema, com imagens...<\/p>                                \r\n\t\t\t\t\t\t\t\t<\/div>\r\n\t\t\t\t\t\t\t<\/div><div class=\"col-sm-6 col-md-4\">\r\n\t\t\t\t\t\t\t\t<div class=\"thumbnail\">\r\n\t\t\t\t\t\t\t\t\t<div class=\"i-blog-inner\">\r\n\t\t\t\t\t\t\t\t\t\t<a href=\"https:\/\/elife.com.br\/index.php\/2022\/11\/17\/stragenr-topics-nem-todos-dados-sao-ativos-com-joao-durmmond-da-crawly\/\"><img width=\"370\" height=\"208\" src=\"https:\/\/elife.com.br\/wp-content\/uploads\/2022\/11\/StrangerTopics-Podcast-15-Youtube.png\" class=\"attachment-blog-thumb size-blog-thumb wp-post-image\" alt=\"\" loading=\"lazy\" \/>\r\n\t\t\t\t\t\t\t\t\t\t\t<div class=\"i-blog-caption\">                                            \r\n\t\t\t\t\t\t\t\t\t\t\t\t<div class=\"i-blog-holder\">   \r\n\t\t\t\t\t\t\t\t\t\t\t\t\t<div class=\"i-blog-details\">                                             \r\n\t\t\t\t\t\t\t\t\t\t\t\t\t\t<h3>View post<\/h3>            \r\n\t\t\t\t\t\t\t\t\t\t\t\t\t<\/div>                                                                        \r\n\t\t\t\t\t\t\t\t\t\t\t\t<\/div>\r\n\t\t\t\t\t\t\t\t\t\t\t<\/div>\r\n\t\t\t\t\t\t\t\t\t\t<\/a>                                \r\n\t\t\t\t\t\t\t\t\t<\/div>\r\n\t\t\t\t\t\t\t\t\t<div class=\"blog-title\">\r\n\t\t\t\t\t\t\t\t\t\t<a href=\"https:\/\/elife.com.br\/index.php\/2022\/11\/17\/stragenr-topics-nem-todos-dados-sao-ativos-com-joao-durmmond-da-crawly\/\"><h3>Stranger Topics: Nem todos dados s\u00e3o ativos, com Jo\u00e3o Durmmond, da Crawly<\/h3><\/a>\r\n\t\t\t\t\t\t\t\t\t<\/div>\t\r\n\t\t\t\t\t\t\t\t\t<div class=\"blog-date\">\r\n\t\t\t\t\t\t\t\t\t\t<p>17 de novembro de 2022<span>|<a href=\"https:\/\/elife.com.br\/index.php\/2022\/11\/17\/stragenr-topics-nem-todos-dados-sao-ativos-com-joao-durmmond-da-crawly\/\/#respond\">Leave a comment<\/a><\/span><\/p>\r\n\t\t\t\t\t\t\t\t\t<\/div>\r\n\t\t\t\t\t\t\t\t\t<p class=\"text-left\">O Stranger Topics\u00e9 um podcast de entrevistas com pessoas que trabalham com inova\u00e7\u00e3o, tecnologia e sabem da import\u00e2ncia do conhecimento no avan\u00e7o da ci\u00eancia. Hoje, a conversa \u00e9 com...<\/p>                                \r\n\t\t\t\t\t\t\t\t<\/div>\r\n\t\t\t\t\t\t\t<\/div><\/div>[\/vc_tta_section][vc_tta_section title=&#8221;Estudos e Papers&#8221; tab_id=&#8221;1548092033723-ada718f2-2e4c&#8221;]<div class=\"blog\"><div class=\"col-sm-6 col-md-4\">\r\n\t\t\t\t\t\t\t\t<div class=\"thumbnail\">\r\n\t\t\t\t\t\t\t\t\t<div class=\"i-blog-inner\">\r\n\t\t\t\t\t\t\t\t\t\t<a href=\"https:\/\/elife.com.br\/index.php\/2023\/08\/09\/conversational-commerce-dados-insights-e-experiencia-no-atendimento-da-coca-cola\/\"><img width=\"370\" height=\"208\" src=\"https:\/\/elife.com.br\/wp-content\/uploads\/2023\/08\/Thumb-1.png\" class=\"attachment-blog-thumb size-blog-thumb wp-post-image\" alt=\"\" loading=\"lazy\" \/>\r\n\t\t\t\t\t\t\t\t\t\t\t<div class=\"i-blog-caption\">                                            \r\n\t\t\t\t\t\t\t\t\t\t\t\t<div class=\"i-blog-holder\">   \r\n\t\t\t\t\t\t\t\t\t\t\t\t\t<div class=\"i-blog-details\">                                             \r\n\t\t\t\t\t\t\t\t\t\t\t\t\t\t<h3>View post<\/h3>            \r\n\t\t\t\t\t\t\t\t\t\t\t\t\t<\/div>                                                                        \r\n\t\t\t\t\t\t\t\t\t\t\t\t<\/div>\r\n\t\t\t\t\t\t\t\t\t\t\t<\/div>\r\n\t\t\t\t\t\t\t\t\t\t<\/a>                                \r\n\t\t\t\t\t\t\t\t\t<\/div>\r\n\t\t\t\t\t\t\t\t\t<div class=\"blog-title\">\r\n\t\t\t\t\t\t\t\t\t\t<a href=\"https:\/\/elife.com.br\/index.php\/2023\/08\/09\/conversational-commerce-dados-insights-e-experiencia-no-atendimento-da-coca-cola\/\"><h3>Conversational Commerce: Dados, insights e experi\u00eancia no atendimento da Coca-Cola<\/h3><\/a>\r\n\t\t\t\t\t\t\t\t\t<\/div>\t\r\n\t\t\t\t\t\t\t\t\t<div class=\"blog-date\">\r\n\t\t\t\t\t\t\t\t\t\t<p>9 de agosto de 2023<span>|<a href=\"https:\/\/elife.com.br\/index.php\/2023\/08\/09\/conversational-commerce-dados-insights-e-experiencia-no-atendimento-da-coca-cola\/\/#respond\">Leave a comment<\/a><\/span><\/p>\r\n\t\t\t\t\t\t\t\t\t<\/div>\r\n\t\t\t\t\t\t\t\t\t<p class=\"text-left\">Compras por canais de conversa, como Instagram, Facebook e WhatsApp, s\u00e3o parte de uma tend\u00eancia que se torna cada vez mais forte no mercado digital: o Conversational Commerce. Entenda...<\/p>                                \r\n\t\t\t\t\t\t\t\t<\/div>\r\n\t\t\t\t\t\t\t<\/div><div class=\"col-sm-6 col-md-4\">\r\n\t\t\t\t\t\t\t\t<div class=\"thumbnail\">\r\n\t\t\t\t\t\t\t\t\t<div class=\"i-blog-inner\">\r\n\t\t\t\t\t\t\t\t\t\t<a href=\"https:\/\/elife.com.br\/index.php\/2023\/05\/25\/callback-ebook-gratuito-com-dados-insights-e-as-melhores-praticas-para-retornar-chamadas-dos-clientes\/\"><img width=\"370\" height=\"192\" src=\"https:\/\/elife.com.br\/wp-content\/uploads\/2023\/05\/Ebook-Callback.png\" class=\"attachment-blog-thumb size-blog-thumb wp-post-image\" alt=\"\" loading=\"lazy\" \/>\r\n\t\t\t\t\t\t\t\t\t\t\t<div class=\"i-blog-caption\">                                            \r\n\t\t\t\t\t\t\t\t\t\t\t\t<div class=\"i-blog-holder\">   \r\n\t\t\t\t\t\t\t\t\t\t\t\t\t<div class=\"i-blog-details\">                                             \r\n\t\t\t\t\t\t\t\t\t\t\t\t\t\t<h3>View post<\/h3>            \r\n\t\t\t\t\t\t\t\t\t\t\t\t\t<\/div>                                                                        \r\n\t\t\t\t\t\t\t\t\t\t\t\t<\/div>\r\n\t\t\t\t\t\t\t\t\t\t\t<\/div>\r\n\t\t\t\t\t\t\t\t\t\t<\/a>                                \r\n\t\t\t\t\t\t\t\t\t<\/div>\r\n\t\t\t\t\t\t\t\t\t<div class=\"blog-title\">\r\n\t\t\t\t\t\t\t\t\t\t<a href=\"https:\/\/elife.com.br\/index.php\/2023\/05\/25\/callback-ebook-gratuito-com-dados-insights-e-as-melhores-praticas-para-retornar-chamadas-dos-clientes\/\"><h3>Callback: Ebook gratuito com dados, insights e as melhores pr\u00e1ticas para retornar chamadas dos clientes<\/h3><\/a>\r\n\t\t\t\t\t\t\t\t\t<\/div>\t\r\n\t\t\t\t\t\t\t\t\t<div class=\"blog-date\">\r\n\t\t\t\t\t\t\t\t\t\t<p>25 de maio de 2023<span>|<a href=\"https:\/\/elife.com.br\/index.php\/2023\/05\/25\/callback-ebook-gratuito-com-dados-insights-e-as-melhores-praticas-para-retornar-chamadas-dos-clientes\/\/#respond\">Leave a comment<\/a><\/span><\/p>\r\n\t\t\t\t\t\t\t\t\t<\/div>\r\n\t\t\t\t\t\t\t\t\t<p class=\"text-left\">Toda empresa com uma central telef\u00f4nica j\u00e1 passou por momentos em que o fluxo de liga\u00e7\u00f5es era t\u00e3o alto, que clientes tiveram que ficar esperando na linha. Mas existe...<\/p>                                \r\n\t\t\t\t\t\t\t\t<\/div>\r\n\t\t\t\t\t\t\t<\/div><div class=\"col-sm-6 col-md-4\">\r\n\t\t\t\t\t\t\t\t<div class=\"thumbnail\">\r\n\t\t\t\t\t\t\t\t\t<div class=\"i-blog-inner\">\r\n\t\t\t\t\t\t\t\t\t\t<a href=\"https:\/\/elife.com.br\/index.php\/2023\/01\/30\/tendencias-2023-prepare-se-para-um-ano-de-sucesso-com-o-novo-ebook-da-elife\/\"><img width=\"370\" height=\"197\" src=\"https:\/\/elife.com.br\/wp-content\/uploads\/2023\/01\/Tendencias-Elife-2023.png\" class=\"attachment-blog-thumb size-blog-thumb wp-post-image\" alt=\"\" loading=\"lazy\" \/>\r\n\t\t\t\t\t\t\t\t\t\t\t<div class=\"i-blog-caption\">                                            \r\n\t\t\t\t\t\t\t\t\t\t\t\t<div class=\"i-blog-holder\">   \r\n\t\t\t\t\t\t\t\t\t\t\t\t\t<div class=\"i-blog-details\">                                             \r\n\t\t\t\t\t\t\t\t\t\t\t\t\t\t<h3>View post<\/h3>            \r\n\t\t\t\t\t\t\t\t\t\t\t\t\t<\/div>                                                                        \r\n\t\t\t\t\t\t\t\t\t\t\t\t<\/div>\r\n\t\t\t\t\t\t\t\t\t\t\t<\/div>\r\n\t\t\t\t\t\t\t\t\t\t<\/a>                                \r\n\t\t\t\t\t\t\t\t\t<\/div>\r\n\t\t\t\t\t\t\t\t\t<div class=\"blog-title\">\r\n\t\t\t\t\t\t\t\t\t\t<a href=\"https:\/\/elife.com.br\/index.php\/2023\/01\/30\/tendencias-2023-prepare-se-para-um-ano-de-sucesso-com-o-novo-ebook-da-elife\/\"><h3>Tend\u00eancias 2023: prepare-se para um ano de sucesso com o novo ebook da Elife<\/h3><\/a>\r\n\t\t\t\t\t\t\t\t\t<\/div>\t\r\n\t\t\t\t\t\t\t\t\t<div class=\"blog-date\">\r\n\t\t\t\t\t\t\t\t\t\t<p>30 de janeiro de 2023<span>|<a href=\"https:\/\/elife.com.br\/index.php\/2023\/01\/30\/tendencias-2023-prepare-se-para-um-ano-de-sucesso-com-o-novo-ebook-da-elife\/\/#respond\">Leave a comment<\/a><\/span><\/p>\r\n\t\t\t\t\t\t\t\t\t<\/div>\r\n\t\t\t\t\t\t\t\t\t<p class=\"text-left\">Para estar sempre um passo \u00e0 frente dos seus concorrentes, as marcas precisam encontrar formas de satisfazer os seus consumidores e se diferenciar do resto do mercado.&nbsp; O ebook...<\/p>                                \r\n\t\t\t\t\t\t\t\t<\/div>\r\n\t\t\t\t\t\t\t<\/div><\/div>[\/vc_tta_section][vc_tta_section title=&#8221;\u00daltimas Newsletters&#8221; tab_id=&#8221;1548092065729-5266f5d8-1486&#8243;]<div class=\"blog\"><div class=\"col-sm-6 col-md-4\">\r\n\t\t\t\t\t\t\t\t<div class=\"thumbnail\">\r\n\t\t\t\t\t\t\t\t\t<div class=\"i-blog-inner\">\r\n\t\t\t\t\t\t\t\t\t\t<a href=\"https:\/\/elife.com.br\/index.php\/2020\/11\/13\/natura-valorizando-consumidores-para-promover-inclusao\/\"><img width=\"370\" height=\"247\" src=\"https:\/\/elife.com.br\/wp-content\/uploads\/2020\/11\/jeniffer-araujo-6cBKMxTYmWw-unsplash.jpg\" class=\"attachment-blog-thumb size-blog-thumb wp-post-image\" alt=\"\" loading=\"lazy\" \/>\r\n\t\t\t\t\t\t\t\t\t\t\t<div class=\"i-blog-caption\">                                            \r\n\t\t\t\t\t\t\t\t\t\t\t\t<div class=\"i-blog-holder\">   \r\n\t\t\t\t\t\t\t\t\t\t\t\t\t<div class=\"i-blog-details\">                                             \r\n\t\t\t\t\t\t\t\t\t\t\t\t\t\t<h3>View post<\/h3>            \r\n\t\t\t\t\t\t\t\t\t\t\t\t\t<\/div>                                                                        \r\n\t\t\t\t\t\t\t\t\t\t\t\t<\/div>\r\n\t\t\t\t\t\t\t\t\t\t\t<\/div>\r\n\t\t\t\t\t\t\t\t\t\t<\/a>                                \r\n\t\t\t\t\t\t\t\t\t<\/div>\r\n\t\t\t\t\t\t\t\t\t<div class=\"blog-title\">\r\n\t\t\t\t\t\t\t\t\t\t<a href=\"https:\/\/elife.com.br\/index.php\/2020\/11\/13\/natura-valorizando-consumidores-para-promover-inclusao\/\"><h3>Natura: valorizando consumidores para promover inclus\u00e3o<\/h3><\/a>\r\n\t\t\t\t\t\t\t\t\t<\/div>\t\r\n\t\t\t\t\t\t\t\t\t<div class=\"blog-date\">\r\n\t\t\t\t\t\t\t\t\t\t<p>13 de novembro de 2020<span>|<a href=\"https:\/\/elife.com.br\/index.php\/2020\/11\/13\/natura-valorizando-consumidores-para-promover-inclusao\/\/#respond\">Leave a comment<\/a><\/span><\/p>\r\n\t\t\t\t\t\t\t\t\t<\/div>\r\n\t\t\t\t\t\t\t\t\t<p class=\"text-left\"><\/p>                                \r\n\t\t\t\t\t\t\t\t<\/div>\r\n\t\t\t\t\t\t\t<\/div><div class=\"col-sm-6 col-md-4\">\r\n\t\t\t\t\t\t\t\t<div class=\"thumbnail\">\r\n\t\t\t\t\t\t\t\t\t<div class=\"i-blog-inner\">\r\n\t\t\t\t\t\t\t\t\t\t<a href=\"https:\/\/elife.com.br\/index.php\/2020\/11\/06\/vulcabras-quando-a-inclusao-e-um-dos-pilares-do-atendimento\/\"><img width=\"370\" height=\"247\" src=\"https:\/\/elife.com.br\/wp-content\/uploads\/2020\/11\/hispanic-boy-opening-gift-box-happy-black-child-ce-P3KC7GH.jpg\" class=\"attachment-blog-thumb size-blog-thumb wp-post-image\" alt=\"\" loading=\"lazy\" \/>\r\n\t\t\t\t\t\t\t\t\t\t\t<div class=\"i-blog-caption\">                                            \r\n\t\t\t\t\t\t\t\t\t\t\t\t<div class=\"i-blog-holder\">   \r\n\t\t\t\t\t\t\t\t\t\t\t\t\t<div class=\"i-blog-details\">                                             \r\n\t\t\t\t\t\t\t\t\t\t\t\t\t\t<h3>View post<\/h3>            \r\n\t\t\t\t\t\t\t\t\t\t\t\t\t<\/div>                                                                        \r\n\t\t\t\t\t\t\t\t\t\t\t\t<\/div>\r\n\t\t\t\t\t\t\t\t\t\t\t<\/div>\r\n\t\t\t\t\t\t\t\t\t\t<\/a>                                \r\n\t\t\t\t\t\t\t\t\t<\/div>\r\n\t\t\t\t\t\t\t\t\t<div class=\"blog-title\">\r\n\t\t\t\t\t\t\t\t\t\t<a href=\"https:\/\/elife.com.br\/index.php\/2020\/11\/06\/vulcabras-quando-a-inclusao-e-um-dos-pilares-do-atendimento\/\"><h3>Vulcabras: quando a inclus\u00e3o \u00e9 um dos pilares do atendimento<\/h3><\/a>\r\n\t\t\t\t\t\t\t\t\t<\/div>\t\r\n\t\t\t\t\t\t\t\t\t<div class=\"blog-date\">\r\n\t\t\t\t\t\t\t\t\t\t<p>6 de novembro de 2020<span>|<a href=\"https:\/\/elife.com.br\/index.php\/2020\/11\/06\/vulcabras-quando-a-inclusao-e-um-dos-pilares-do-atendimento\/\/#respond\">Leave a comment<\/a><\/span><\/p>\r\n\t\t\t\t\t\t\t\t\t<\/div>\r\n\t\t\t\t\t\t\t\t\t<p class=\"text-left\"><\/p>                                \r\n\t\t\t\t\t\t\t\t<\/div>\r\n\t\t\t\t\t\t\t<\/div><div class=\"col-sm-6 col-md-4\">\r\n\t\t\t\t\t\t\t\t<div class=\"thumbnail\">\r\n\t\t\t\t\t\t\t\t\t<div class=\"i-blog-inner\">\r\n\t\t\t\t\t\t\t\t\t\t<a href=\"https:\/\/elife.com.br\/index.php\/2020\/10\/30\/as-melhores-praticas-de-atendimento-ao-consumidor\/\"><img width=\"370\" height=\"208\" src=\"https:\/\/elife.com.br\/wp-content\/uploads\/2020\/11\/customers-and-worker-in-bakery-5ESE2U9.jpg\" class=\"attachment-blog-thumb size-blog-thumb wp-post-image\" alt=\"\" loading=\"lazy\" \/>\r\n\t\t\t\t\t\t\t\t\t\t\t<div class=\"i-blog-caption\">                                            \r\n\t\t\t\t\t\t\t\t\t\t\t\t<div class=\"i-blog-holder\">   \r\n\t\t\t\t\t\t\t\t\t\t\t\t\t<div class=\"i-blog-details\">                                             \r\n\t\t\t\t\t\t\t\t\t\t\t\t\t\t<h3>View post<\/h3>            \r\n\t\t\t\t\t\t\t\t\t\t\t\t\t<\/div>                                                                        \r\n\t\t\t\t\t\t\t\t\t\t\t\t<\/div>\r\n\t\t\t\t\t\t\t\t\t\t\t<\/div>\r\n\t\t\t\t\t\t\t\t\t\t<\/a>                                \r\n\t\t\t\t\t\t\t\t\t<\/div>\r\n\t\t\t\t\t\t\t\t\t<div class=\"blog-title\">\r\n\t\t\t\t\t\t\t\t\t\t<a href=\"https:\/\/elife.com.br\/index.php\/2020\/10\/30\/as-melhores-praticas-de-atendimento-ao-consumidor\/\"><h3>As melhores pr\u00e1ticas de Atendimento ao Consumidor<\/h3><\/a>\r\n\t\t\t\t\t\t\t\t\t<\/div>\t\r\n\t\t\t\t\t\t\t\t\t<div class=\"blog-date\">\r\n\t\t\t\t\t\t\t\t\t\t<p>30 de outubro de 2020<span>|<a href=\"https:\/\/elife.com.br\/index.php\/2020\/10\/30\/as-melhores-praticas-de-atendimento-ao-consumidor\/\/#respond\">Leave a comment<\/a><\/span><\/p>\r\n\t\t\t\t\t\t\t\t\t<\/div>\r\n\t\t\t\t\t\t\t\t\t<p class=\"text-left\"><\/p>                                \r\n\t\t\t\t\t\t\t\t<\/div>\r\n\t\t\t\t\t\t\t<\/div><\/div>[\/vc_tta_section][\/vc_tta_tabs][\/vc_column][\/vc_row][vc_row content_width=&#8221;fullwidth&#8221; fullscreen=&#8221;yes&#8221; css=&#8221;.vc_custom_1548351022136{padding-top: 0px !important;padding-bottom: 0px !important;background-color: #5b72cc !important;}&#8221;][vc_column css=&#8221;.vc_custom_1548351050937{margin-top: 0px !important;margin-bottom: 0px !important;border-top-width: 0px !important;border-bottom-width: 0px !important;padding-top: 0px !important;padding-bottom: 0px !important;background-color: #5b72cc !important;}&#8221;][vc_cta h2=&#8221;&#8221; txt_align=&#8221;center&#8221; shape=&#8221;square&#8221; style=&#8221;flat&#8221; color=&#8221;blue&#8221; add_button=&#8221;bottom&#8221; btn_title=&#8221;Enviar Candidatura&#8221; btn_style=&#8221;flat&#8221; btn_shape=&#8221;round&#8221; btn_color=&#8221;warning&#8221; css=&#8221;.vc_custom_1548351028993{background-position: center !important;background-repeat: no-repeat !important;background-size: cover !important;}&#8221; btn_link=&#8221;url:https%3A%2F%2Felife.onperspective.com%2Fwork-with-us|||&#8221; btn_custom_onclick=&#8221;true&#8221;]<\/p>\n<h1 style=\"text-align: center; color: #ffffff;\"><strong>Trabalhe Conosco<\/strong><\/h1>\n<p>&nbsp;<\/p>\n<p style=\"text-align: center; color: #ffffff;\">A <strong>Elife<\/strong>, especialista e l\u00edder em servi\u00e7os e software para <strong>Intelig\u00eancia estrat\u00e9gica, Performance e Social CRM<\/strong> conta atualmente com 300 pessoas e mais de 80 clientes ativos em todo o Mundo.<\/p>\n<p>&nbsp;<\/p>\n<p style=\"text-align: center; color: #ffffff;\">A <strong>Elife<\/strong> procura profissionais nas \u00e1reas de <strong>Neg\u00f3cios, Marketing, Social Media e Comunica\u00e7\u00e3o<\/strong>.<\/p>\n<p>[\/vc_cta][\/vc_column][vc_column][vc_row_inner css=&#8221;.vc_custom_1548161212058{background-color: #202e44 !important;}&#8221;][vc_column_inner][vc_column_text]<\/p>\n<h1 style=\"color: #ffffff; text-align: center;\"><strong>Elife no mundo<\/strong><\/h1>\n<p>[\/vc_column_text][\/vc_column_inner][\/vc_row_inner][vc_row_inner content_placement=&#8221;middle&#8221; css=&#8221;.vc_custom_1548161144410{background-color: #202e44 !important;}&#8221;][vc_column_inner width=&#8221;1\/6&#8243;][\/vc_column_inner][vc_column_inner width=&#8221;1\/6&#8243;][vc_column_text css=&#8221;.vc_custom_1548169729299{background-color: #202e44 !important;}&#8221;]<\/p>\n<h3 style=\"color: #ffffff;\"><strong>Brasil<\/strong><\/h3>\n<p style=\"color: #ffffff;\">Alessandro Barbosa Lima<\/p>\n<p style=\"color: #ffffff;\"><a href=\"mailto:negocios@elife.com.br\">negocios@elife.com.br<\/a><\/p>\n<p style=\"color: #ffffff;\"><a href=\"tel:551123394928\">+55 11 2339 4928<\/a><\/p>\n<p>[\/vc_column_text][\/vc_column_inner][vc_column_inner width=&#8221;1\/6&#8243;][vc_column_text]<\/p>\n<h3 style=\"color: #ffffff;\"><strong>Portugal<\/strong><\/h3>\n<p style=\"color: #ffffff;\">Joana Carravilla<\/p>\n<p style=\"color: #ffffff;\"><a href=\"mailto:negocios@elifemonitor.com\"> negocios@elifemonitor.com<\/a><\/p>\n<p style=\"color: #ffffff;\"><a href=\"tel:351220110718\">+351 220 110 718<\/a><\/p>\n<p>[\/vc_column_text][\/vc_column_inner][vc_column_inner width=&#8221;1\/6&#8243;][vc_column_text]<\/p>\n<h3 style=\"color: #ffffff;\"><strong>M\u00e9xico<\/strong><\/h3>\n<p style=\"color: #ffffff;\">Ernesto Ibarra<\/p>\n<p style=\"color: #ffffff;\"><a href=\"mailto:ernesto@elifemonitor.com.mx\">ernesto@elifemonitor.com.mx<\/a><\/p>\n<p>[\/vc_column_text][vc_empty_space][\/vc_column_inner][vc_column_inner width=&#8221;1\/6&#8243;][vc_column_text]<\/p>\n<h3 style=\"color: #ffffff;\"><strong>Espanha<\/strong><\/h3>\n<p style=\"color: #ffffff;\">Jorge Herrero<\/p>\n<p style=\"color: #ffffff;\"><a href=\"mailto:jorge.herrero@elifemonitor.com\">jorge.herrero@elifemonitor.com<\/a><\/p>\n<p>[\/vc_column_text][vc_empty_space][\/vc_column_inner][vc_column_inner width=&#8221;1\/6&#8243;][\/vc_column_inner][\/vc_row_inner][vc_row_inner][vc_column_inner][\/vc_column_inner][\/vc_row_inner][\/vc_column][\/vc_row]<\/p>\n","protected":false},"excerpt":{"rendered":"<p>[vc_row fullscreen=&#8221;yes&#8221;][vc_column][rev_slider_vc alias=&#8221;novobranding&#8221;][\/vc_column][\/vc_row][vc_row css=&#8221;.vc_custom_1548085803928{margin-top: 0px !important;margin-bottom: 0px !important;border-top-width: 0px !important;border-bottom-width: 0px !important;padding-top: 0px !important;padding-bottom: 0px !important;}&#8221;][vc_column width=&#8221;1\/2&#8243;][vc_column_text] _\u00daltimas Not\u00edcias [\/vc_column_text][\/vc_column][vc_column width=&#8221;1\/2&#8243;][\/vc_column][vc_column][vc_empty_space height=&#8221;10 px&#8221;][vc_empty_space][\/vc_column][\/vc_row][vc_row parallax=&#8221;yes&#8221; fullscreen=&#8221;yes&#8221; css=&#8221;.vc_custom_1548350837248{margin-top: 20px !important;background-color: #4a69bd !important;}&#8221;][vc_column][vc_row_inner content_placement=&#8221;middle&#8221;][vc_column_inner][\/vc_column_inner][\/vc_row_inner][vc_empty_space][\/vc_column][\/vc_row][vc_row css=&#8221;.vc_custom_1548085803928{margin-top: 0px !important;margin-bottom: 0px !important;border-top-width: 0px !important;border-bottom-width: 0px !important;padding-top: 0px !important;padding-bottom: 0px !important;}&#8221;][vc_column width=&#8221;1\/2&#8243;][vc_empty_space][vc_column_text] _Servi\u00e7os [\/vc_column_text][\/vc_column][vc_column width=&#8221;1\/2&#8243;][\/vc_column][vc_column][vc_row_inner][vc_column_inner width=&#8221;1\/3&#8243;][vc_column_text] Compreenda a jornada do Consumidor &nbsp; [&hellip;]<\/p>\n","protected":false},"author":4,"featured_media":0,"parent":0,"menu_order":0,"comment_status":"closed","ping_status":"closed","template":"template-onepager.php","meta":[],"_links":{"self":[{"href":"https:\/\/elife.com.br\/index.php\/wp-json\/wp\/v2\/pages\/4746"}],"collection":[{"href":"https:\/\/elife.com.br\/index.php\/wp-json\/wp\/v2\/pages"}],"about":[{"href":"https:\/\/elife.com.br\/index.php\/wp-json\/wp\/v2\/types\/page"}],"author":[{"embeddable":true,"href":"https:\/\/elife.com.br\/index.php\/wp-json\/wp\/v2\/users\/4"}],"replies":[{"embeddable":true,"href":"https:\/\/elife.com.br\/index.php\/wp-json\/wp\/v2\/comments?post=4746"}],"version-history":[{"count":225,"href":"https:\/\/elife.com.br\/index.php\/wp-json\/wp\/v2\/pages\/4746\/revisions"}],"predecessor-version":[{"id":7663,"href":"https:\/\/elife.com.br\/index.php\/wp-json\/wp\/v2\/pages\/4746\/revisions\/7663"}],"wp:attachment":[{"href":"https:\/\/elife.com.br\/index.php\/wp-json\/wp\/v2\/media?parent=4746"}],"curies":[{"name":"wp","href":"https:\/\/api.w.org\/{rel}","templated":true}]}}